{"id":5596,"date":"2023-04-05T20:25:42","date_gmt":"2023-04-05T20:25:42","guid":{"rendered":"https:\/\/urban-connect.com\/services\/mobility-budget\/"},"modified":"2024-09-19T12:25:18","modified_gmt":"2024-09-19T12:25:18","slug":"budget-per-la-mobilita","status":"publish","type":"services","link":"https:\/\/urban-connect.com\/it\/services\/budget-per-la-mobilita\/","title":{"rendered":"Budget per la mobilit\u00e0"},"content":{"rendered":"\n<section class=\"advantages-block\">\n    <div class=\"container\">\n        <div class=\"left-side\">\n                            <img decoding=\"async\" \n                    class=\"image lazyload\" data-src=\"https:\/\/urban-connect.com\/wp-content\/uploads\/2023\/04\/Mobility-budget-768x432.png\"\n                    data-srcset=\"https:\/\/urban-connect.com\/wp-content\/uploads\/2023\/04\/Mobility-budget-768x432.png 768w, https:\/\/urban-connect.com\/wp-content\/uploads\/2023\/04\/Mobility-budget-300x169.png 300w, https:\/\/urban-connect.com\/wp-content\/uploads\/2023\/04\/Mobility-budget-1024x576.png 1024w, https:\/\/urban-connect.com\/wp-content\/uploads\/2023\/04\/Mobility-budget-1536x864.png 1536w, https:\/\/urban-connect.com\/wp-content\/uploads\/2023\/04\/Mobility-budget-2048x1152.png 2048w, https:\/\/urban-connect.com\/wp-content\/uploads\/2023\/04\/Mobility-budget-1920x1080.png 1920w\"\n                    data-sizes=\"(max-width: 768px) 100vw, 768px\"\n                    alt=\"Hero Image\"\n                 src=\"data:image\/gif;base64,R0lGODlhAQABAAAAACH5BAEKAAEALAAAAAABAAEAAAICTAEAOw==\" style=\"--smush-placeholder-width: 768px; --smush-placeholder-aspect-ratio: 768\/432;\"><noscript><img decoding=\"async\" \n                    class=\"image\" src=\"https:\/\/urban-connect.com\/wp-content\/uploads\/2023\/04\/Mobility-budget-768x432.png\"\n                    srcset=\"https:\/\/urban-connect.com\/wp-content\/uploads\/2023\/04\/Mobility-budget-768x432.png 768w, https:\/\/urban-connect.com\/wp-content\/uploads\/2023\/04\/Mobility-budget-300x169.png 300w, https:\/\/urban-connect.com\/wp-content\/uploads\/2023\/04\/Mobility-budget-1024x576.png 1024w, https:\/\/urban-connect.com\/wp-content\/uploads\/2023\/04\/Mobility-budget-1536x864.png 1536w, https:\/\/urban-connect.com\/wp-content\/uploads\/2023\/04\/Mobility-budget-2048x1152.png 2048w, https:\/\/urban-connect.com\/wp-content\/uploads\/2023\/04\/Mobility-budget-1920x1080.png 1920w\"\n                    sizes=\"(max-width: 768px) 100vw, 768px\"\n                    alt=\"Hero Image\"\n                ><\/noscript>\n                        <\/div>\n        <div class=\"right-side\">\n                            <div class=\"list-wrap\">\n                                            <div class=\"item dash\">\n                            <div class=\"top\">\n                                                                    <span class=\"dash\"><\/span>\n                                                                    <h6 class=\"title\">Risparmio sui costi<\/h6>\n                            <\/div>\n                            <p class=\"description\">Riduzione dei costi grazie all&#8217;eliminazione della necessit\u00e0 di possedere e mantenere una flotta aziendale<\/p>\n                        <\/div>\n                                                <div class=\"item dash\">\n                            <div class=\"top\">\n                                                                    <span class=\"dash\"><\/span>\n                                                                    <h6 class=\"title\">Sostenibilit\u00e0<\/h6>\n                            <\/div>\n                            <p class=\"description\">Incentivare le opzioni di trasporto a basse emissioni di carbonio, sovvenzionando alternative a basse emissioni di carbonio come il trasporto pubblico o l&#8217;e-bike<\/p>\n                        <\/div>\n                                                <div class=\"item dash\">\n                            <div class=\"top\">\n                                                                    <span class=\"dash\"><\/span>\n                                                                    <h6 class=\"title\">Soddisfazione e benessere dei dipendenti<\/h6>\n                            <\/div>\n                            <p class=\"description\">Un facile accesso a soluzioni di mobilit\u00e0 come le biciclette elettriche pu\u00f2 aumentare la soddisfazione, la salute e il benessere generale dei dipendenti<\/p>\n                        <\/div>\n                                                <div class=\"item dash\">\n                            <div class=\"top\">\n                                                                    <span class=\"dash\"><\/span>\n                                                                    <h6 class=\"title\">Minori oneri amministrativi<\/h6>\n                            <\/div>\n                            <p class=\"description\">Semplificare la gestione delle spese di trasporto per le aziende<\/p>\n                        <\/div>\n                                        <\/div>\n                        <\/div>\n    <\/div>\n<\/section>\n\n\n\n\n<h2 class=\"wp-block-heading\"><br>Un modo flessibile di allocare le risorse\u2028\u2028<\/h2>\n\n\n\n<p>Il Mobility budget rappresenta una somma di denaro fissa assegnata ai dipendenti, che possono decidere autonomamente come spendere al meglio questo budget &#8211; trasporto pubblico, servizi di ride-sharing, uso di biciclette elettriche, car-sharing, uso di scooter elettrici, parcheggio per la propria auto e altro ancora.<br><br>Le aziende beneficiano di risparmi sui costi, di un modo intelligente di incentivare il trasporto a basse emissioni di carbonio e di una maggiore soddisfazione dei dipendenti. \u00c8 un modo flessibile ed equo di assegnare le risorse per la mobilit\u00e0 ai dipendenti, che possono facilmente accedere al budget e spenderlo in un&#8217;unica app. Dall&#8217;altra parte, i mobility manager hanno accesso a dashboard personalizzate per gestire e supervisionare le spese, l&#8217;allocazione e le regole di utilizzo (ad esempio, white-list dei fornitori di mobilit\u00e0 di terze parti applicabili al budget di mobilit\u00e0; definizione delle destinazioni di inizio\/fine del trasporto pubblico applicabili al budget di mobilit\u00e0 e altro ancora).<\/p>\n\n\n\n<p><\/p>\n\n\n    <section class=\"slider-steps\">\n        <div class=\"container posts-wrap\">\n            <div class=\"swiper swiper-related-posts\">\n                <div class=\"swiper-wrapper\">\n                                            <div class=\"swiper-slide\" data-speed=\"0.08\">\n                                                            <img decoding=\"async\" \n                                    class=\"image lazyload\" data-src=\"https:\/\/urban-connect.com\/wp-content\/uploads\/2023\/04\/iPhone_screen3-2_phone_.jpg\"\n                                    data-srcset=\"https:\/\/urban-connect.com\/wp-content\/uploads\/2023\/04\/iPhone_screen3-2_phone_.jpg 368w, https:\/\/urban-connect.com\/wp-content\/uploads\/2023\/04\/iPhone_screen3-2_phone_-153x300.jpg 153w\"\n                                    data-sizes=\"(max-width: 368px) 100vw, 368px\"\n                                    alt=\"Seleziona la location e il veicolo desiderato\"\n                                 src=\"data:image\/gif;base64,R0lGODlhAQABAAAAACH5BAEKAAEALAAAAAABAAEAAAICTAEAOw==\" style=\"--smush-placeholder-width: 368px; --smush-placeholder-aspect-ratio: 368\/721;\"><noscript><img decoding=\"async\" \n                                    class=\"image\" src=\"https:\/\/urban-connect.com\/wp-content\/uploads\/2023\/04\/iPhone_screen3-2_phone_.jpg\"\n                                    srcset=\"https:\/\/urban-connect.com\/wp-content\/uploads\/2023\/04\/iPhone_screen3-2_phone_.jpg 368w, https:\/\/urban-connect.com\/wp-content\/uploads\/2023\/04\/iPhone_screen3-2_phone_-153x300.jpg 153w\"\n                                    sizes=\"(max-width: 368px) 100vw, 368px\"\n                                    alt=\"Seleziona la location e il veicolo desiderato\"\n                                ><\/noscript>\n                                                            <div class=\"num\">\n                                <span>1<\/span>\n                                <h6 class=\"title\">Seleziona la location e il veicolo desiderato<\/h6>\n                            <\/div>\n                        <\/div>\n                                                <div class=\"swiper-slide\" data-speed=\"0.2\">\n                                                            <img decoding=\"async\" \n                                    class=\"image lazyload\" data-src=\"https:\/\/urban-connect.com\/wp-content\/uploads\/2023\/04\/Phone-2_phone_.jpg\"\n                                    data-srcset=\"https:\/\/urban-connect.com\/wp-content\/uploads\/2023\/04\/Phone-2_phone_.jpg 381w, https:\/\/urban-connect.com\/wp-content\/uploads\/2023\/04\/Phone-2_phone_-154x300.jpg 154w\"\n                                    data-sizes=\"(max-width: 381px) 100vw, 381px\"\n                                    alt=\"Assegna la corsa come viaggio di lavoro o personale\"\n                                 src=\"data:image\/gif;base64,R0lGODlhAQABAAAAACH5BAEKAAEALAAAAAABAAEAAAICTAEAOw==\" style=\"--smush-placeholder-width: 381px; --smush-placeholder-aspect-ratio: 381\/742;\"><noscript><img decoding=\"async\" \n                                    class=\"image\" src=\"https:\/\/urban-connect.com\/wp-content\/uploads\/2023\/04\/Phone-2_phone_.jpg\"\n                                    srcset=\"https:\/\/urban-connect.com\/wp-content\/uploads\/2023\/04\/Phone-2_phone_.jpg 381w, https:\/\/urban-connect.com\/wp-content\/uploads\/2023\/04\/Phone-2_phone_-154x300.jpg 154w\"\n                                    sizes=\"(max-width: 381px) 100vw, 381px\"\n                                    alt=\"Assegna la corsa come viaggio di lavoro o personale\"\n                                ><\/noscript>\n                                                            <div class=\"num\">\n                                <span>2<\/span>\n                                <h6 class=\"title\">Assegna la corsa come viaggio di lavoro o personale<\/h6>\n                            <\/div>\n                        <\/div>\n                                                <div class=\"swiper-slide\" data-speed=\"0.08\">\n                                                            <img decoding=\"async\" \n                                    class=\"image lazyload\" data-src=\"https:\/\/urban-connect.com\/wp-content\/uploads\/2023\/04\/iPhone_screen3-1_phone_.jpg\"\n                                    data-srcset=\"https:\/\/urban-connect.com\/wp-content\/uploads\/2023\/04\/iPhone_screen3-1_phone_.jpg 368w, https:\/\/urban-connect.com\/wp-content\/uploads\/2023\/04\/iPhone_screen3-1_phone_-153x300.jpg 153w\"\n                                    data-sizes=\"(max-width: 368px) 100vw, 368px\"\n                                    alt=\"Visualizza le statistiche del viaggio\"\n                                 src=\"data:image\/gif;base64,R0lGODlhAQABAAAAACH5BAEKAAEALAAAAAABAAEAAAICTAEAOw==\" style=\"--smush-placeholder-width: 368px; --smush-placeholder-aspect-ratio: 368\/721;\"><noscript><img decoding=\"async\" \n                                    class=\"image\" src=\"https:\/\/urban-connect.com\/wp-content\/uploads\/2023\/04\/iPhone_screen3-1_phone_.jpg\"\n                                    srcset=\"https:\/\/urban-connect.com\/wp-content\/uploads\/2023\/04\/iPhone_screen3-1_phone_.jpg 368w, https:\/\/urban-connect.com\/wp-content\/uploads\/2023\/04\/iPhone_screen3-1_phone_-153x300.jpg 153w\"\n                                    sizes=\"(max-width: 368px) 100vw, 368px\"\n                                    alt=\"Visualizza le statistiche del viaggio\"\n                                ><\/noscript>\n                                                            <div class=\"num\">\n                                <span>3<\/span>\n                                <h6 class=\"title\">Visualizza le statistiche del viaggio<\/h6>\n                            <\/div>\n                        <\/div>\n                                        <\/div>\n                <div class=\"swiper-pagination\"><\/div>\n            <\/div>\n        <\/div>\n    <\/section>\n    ","protected":false},"excerpt":{"rendered":"<p>Date ai vostri dipendenti un&#8217;indennit\u00e0 mensile da spendere per una serie di opzioni di mobilit\u00e0 &#8211; dalle auto e biciclette elettriche condivise ai trasporti pubblici e altro ancora<\/p>\n","protected":false},"featured_media":5598,"parent":0,"template":"","class_list":["post-5596","services","type-services","status-publish","has-post-thumbnail","hentry"],"acf":[],"yoast_head":"<!-- This site is optimized with the Yoast SEO plugin v23.2 - https:\/\/yoast.com\/wordpress\/plugins\/seo\/ -->\n<title>Budget per la mobilit\u00e0 - Urban Connect<\/title>\n<meta name=\"robots\" content=\"index, follow, max-snippet:-1, max-image-preview:large, max-video-preview:-1\" \/>\n<link rel=\"canonical\" href=\"https:\/\/urban-connect.com\/it\/services\/budget-per-la-mobilita\/\" \/>\n<meta property=\"og:locale\" content=\"it_IT\" \/>\n<meta property=\"og:type\" content=\"article\" \/>\n<meta property=\"og:title\" content=\"Budget per la mobilit\u00e0 - Urban Connect\" \/>\n<meta property=\"og:description\" content=\"Date ai vostri dipendenti un&#039;indennit\u00e0 mensile da spendere per una serie di opzioni di mobilit\u00e0 - dalle auto e biciclette elettriche condivise ai trasporti pubblici e altro ancora\" \/>\n<meta property=\"og:url\" content=\"https:\/\/urban-connect.com\/it\/services\/budget-per-la-mobilita\/\" \/>\n<meta property=\"og:site_name\" content=\"Urban Connect\" \/>\n<meta property=\"article:modified_time\" content=\"2024-09-19T12:25:18+00:00\" \/>\n<meta property=\"og:image\" content=\"https:\/\/urban-connect.com\/wp-content\/uploads\/2023\/04\/UC_Invoice_Screen-683x1024.jpg\" \/>\n\t<meta property=\"og:image:width\" content=\"683\" \/>\n\t<meta property=\"og:image:height\" content=\"1024\" \/>\n\t<meta property=\"og:image:type\" content=\"image\/jpeg\" \/>\n<meta name=\"twitter:card\" content=\"summary_large_image\" \/>\n<meta name=\"twitter:label1\" content=\"Tempo di lettura stimato\" \/>\n\t<meta name=\"twitter:data1\" content=\"1 minuto\" \/>\n<script type=\"application\/ld+json\" class=\"yoast-schema-graph\">{\"@context\":\"https:\/\/schema.org\",\"@graph\":[{\"@type\":\"WebPage\",\"@id\":\"https:\/\/urban-connect.com\/it\/services\/budget-per-la-mobilita\/\",\"url\":\"https:\/\/urban-connect.com\/it\/services\/budget-per-la-mobilita\/\",\"name\":\"Budget per la mobilit\u00e0 - Urban Connect\",\"isPartOf\":{\"@id\":\"https:\/\/urban-connect.com\/it\/#website\"},\"primaryImageOfPage\":{\"@id\":\"https:\/\/urban-connect.com\/it\/services\/budget-per-la-mobilita\/#primaryimage\"},\"image\":{\"@id\":\"https:\/\/urban-connect.com\/it\/services\/budget-per-la-mobilita\/#primaryimage\"},\"thumbnailUrl\":\"https:\/\/urban-connect.com\/wp-content\/uploads\/2023\/04\/UC_Invoice_Screen.jpg\",\"datePublished\":\"2023-04-05T20:25:42+00:00\",\"dateModified\":\"2024-09-19T12:25:18+00:00\",\"breadcrumb\":{\"@id\":\"https:\/\/urban-connect.com\/it\/services\/budget-per-la-mobilita\/#breadcrumb\"},\"inLanguage\":\"it-IT\",\"potentialAction\":[{\"@type\":\"ReadAction\",\"target\":[\"https:\/\/urban-connect.com\/it\/services\/budget-per-la-mobilita\/\"]}]},{\"@type\":\"ImageObject\",\"inLanguage\":\"it-IT\",\"@id\":\"https:\/\/urban-connect.com\/it\/services\/budget-per-la-mobilita\/#primaryimage\",\"url\":\"https:\/\/urban-connect.com\/wp-content\/uploads\/2023\/04\/UC_Invoice_Screen.jpg\",\"contentUrl\":\"https:\/\/urban-connect.com\/wp-content\/uploads\/2023\/04\/UC_Invoice_Screen.jpg\",\"width\":5464,\"height\":8192,\"caption\":\"UC invoice stock image\"},{\"@type\":\"BreadcrumbList\",\"@id\":\"https:\/\/urban-connect.com\/it\/services\/budget-per-la-mobilita\/#breadcrumb\",\"itemListElement\":[{\"@type\":\"ListItem\",\"position\":1,\"name\":\"Home\",\"item\":\"https:\/\/urban-connect.com\/it\/\"},{\"@type\":\"ListItem\",\"position\":2,\"name\":\"Budget per la mobilit\u00e0\"}]},{\"@type\":\"WebSite\",\"@id\":\"https:\/\/urban-connect.com\/it\/#website\",\"url\":\"https:\/\/urban-connect.com\/it\/\",\"name\":\"Urban Connect\",\"description\":\"\",\"potentialAction\":[{\"@type\":\"SearchAction\",\"target\":{\"@type\":\"EntryPoint\",\"urlTemplate\":\"https:\/\/urban-connect.com\/it\/?s={search_term_string}\"},\"query-input\":\"required name=search_term_string\"}],\"inLanguage\":\"it-IT\"}]}<\/script>\n<!-- \/ Yoast SEO plugin. -->","yoast_head_json":{"title":"Budget per la mobilit\u00e0 - Urban Connect","robots":{"index":"index","follow":"follow","max-snippet":"max-snippet:-1","max-image-preview":"max-image-preview:large","max-video-preview":"max-video-preview:-1"},"canonical":"https:\/\/urban-connect.com\/it\/services\/budget-per-la-mobilita\/","og_locale":"it_IT","og_type":"article","og_title":"Budget per la mobilit\u00e0 - Urban Connect","og_description":"Date ai vostri dipendenti un'indennit\u00e0 mensile da spendere per una serie di opzioni di mobilit\u00e0 - dalle auto e biciclette elettriche condivise ai trasporti pubblici e altro ancora","og_url":"https:\/\/urban-connect.com\/it\/services\/budget-per-la-mobilita\/","og_site_name":"Urban Connect","article_modified_time":"2024-09-19T12:25:18+00:00","og_image":[{"width":683,"height":1024,"url":"https:\/\/urban-connect.com\/wp-content\/uploads\/2023\/04\/UC_Invoice_Screen-683x1024.jpg","type":"image\/jpeg"}],"twitter_card":"summary_large_image","twitter_misc":{"Tempo di lettura stimato":"1 minuto"},"schema":{"@context":"https:\/\/schema.org","@graph":[{"@type":"WebPage","@id":"https:\/\/urban-connect.com\/it\/services\/budget-per-la-mobilita\/","url":"https:\/\/urban-connect.com\/it\/services\/budget-per-la-mobilita\/","name":"Budget per la mobilit\u00e0 - Urban Connect","isPartOf":{"@id":"https:\/\/urban-connect.com\/it\/#website"},"primaryImageOfPage":{"@id":"https:\/\/urban-connect.com\/it\/services\/budget-per-la-mobilita\/#primaryimage"},"image":{"@id":"https:\/\/urban-connect.com\/it\/services\/budget-per-la-mobilita\/#primaryimage"},"thumbnailUrl":"https:\/\/urban-connect.com\/wp-content\/uploads\/2023\/04\/UC_Invoice_Screen.jpg","datePublished":"2023-04-05T20:25:42+00:00","dateModified":"2024-09-19T12:25:18+00:00","breadcrumb":{"@id":"https:\/\/urban-connect.com\/it\/services\/budget-per-la-mobilita\/#breadcrumb"},"inLanguage":"it-IT","potentialAction":[{"@type":"ReadAction","target":["https:\/\/urban-connect.com\/it\/services\/budget-per-la-mobilita\/"]}]},{"@type":"ImageObject","inLanguage":"it-IT","@id":"https:\/\/urban-connect.com\/it\/services\/budget-per-la-mobilita\/#primaryimage","url":"https:\/\/urban-connect.com\/wp-content\/uploads\/2023\/04\/UC_Invoice_Screen.jpg","contentUrl":"https:\/\/urban-connect.com\/wp-content\/uploads\/2023\/04\/UC_Invoice_Screen.jpg","width":5464,"height":8192,"caption":"UC invoice stock image"},{"@type":"BreadcrumbList","@id":"https:\/\/urban-connect.com\/it\/services\/budget-per-la-mobilita\/#breadcrumb","itemListElement":[{"@type":"ListItem","position":1,"name":"Home","item":"https:\/\/urban-connect.com\/it\/"},{"@type":"ListItem","position":2,"name":"Budget per la mobilit\u00e0"}]},{"@type":"WebSite","@id":"https:\/\/urban-connect.com\/it\/#website","url":"https:\/\/urban-connect.com\/it\/","name":"Urban Connect","description":"","potentialAction":[{"@type":"SearchAction","target":{"@type":"EntryPoint","urlTemplate":"https:\/\/urban-connect.com\/it\/?s={search_term_string}"},"query-input":"required name=search_term_string"}],"inLanguage":"it-IT"}]}},"_links":{"self":[{"href":"https:\/\/urban-connect.com\/it\/wp-json\/wp\/v2\/services\/5596","targetHints":{"allow":["GET"]}}],"collection":[{"href":"https:\/\/urban-connect.com\/it\/wp-json\/wp\/v2\/services"}],"about":[{"href":"https:\/\/urban-connect.com\/it\/wp-json\/wp\/v2\/types\/services"}],"wp:featuredmedia":[{"embeddable":true,"href":"https:\/\/urban-connect.com\/it\/wp-json\/wp\/v2\/media\/5598"}],"wp:attachment":[{"href":"https:\/\/urban-connect.com\/it\/wp-json\/wp\/v2\/media?parent=5596"}],"curies":[{"name":"wp","href":"https:\/\/api.w.org\/{rel}","templated":true}]}}