{"id":2132,"date":"2023-04-26T08:41:47","date_gmt":"2023-04-26T08:41:47","guid":{"rendered":"https:\/\/urban-connect.stillnot.live\/services\/public-transport-integration\/"},"modified":"2024-02-07T08:28:13","modified_gmt":"2024-02-07T08:28:13","slug":"integration-des-offentlichen-verkehrs","status":"publish","type":"services","link":"https:\/\/urban-connect.com\/de\/leistungen\/integration-des-offentlichen-verkehrs\/","title":{"rendered":"Integration des \u00f6ffentlichen Verkehrs"},"content":{"rendered":"\n<section class=\"advantages-block\">\n    <div class=\"container\">\n        <div class=\"left-side\">\n                            <img decoding=\"async\" \n                    class=\"image lazyload\" data-src=\"https:\/\/urban-connect.com\/wp-content\/uploads\/2023\/04\/Mobility-cake-768x702.jpg\"\n                    data-srcset=\"https:\/\/urban-connect.com\/wp-content\/uploads\/2023\/04\/Mobility-cake-768x702.jpg 768w, https:\/\/urban-connect.com\/wp-content\/uploads\/2023\/04\/Mobility-cake-300x274.jpg 300w, https:\/\/urban-connect.com\/wp-content\/uploads\/2023\/04\/Mobility-cake-1024x936.jpg 1024w, https:\/\/urban-connect.com\/wp-content\/uploads\/2023\/04\/Mobility-cake-1536x1404.jpg 1536w, https:\/\/urban-connect.com\/wp-content\/uploads\/2023\/04\/Mobility-cake-2048x1872.jpg 2048w, https:\/\/urban-connect.com\/wp-content\/uploads\/2023\/04\/Mobility-cake-1182x1080.jpg 1182w\"\n                    data-sizes=\"(max-width: 768px) 100vw, 768px\"\n                    alt=\"Hero Image\"\n                 src=\"data:image\/gif;base64,R0lGODlhAQABAAAAACH5BAEKAAEALAAAAAABAAEAAAICTAEAOw==\" style=\"--smush-placeholder-width: 768px; --smush-placeholder-aspect-ratio: 768\/702;\"><noscript><img decoding=\"async\" \n                    class=\"image\" src=\"https:\/\/urban-connect.com\/wp-content\/uploads\/2023\/04\/Mobility-cake-768x702.jpg\"\n                    srcset=\"https:\/\/urban-connect.com\/wp-content\/uploads\/2023\/04\/Mobility-cake-768x702.jpg 768w, https:\/\/urban-connect.com\/wp-content\/uploads\/2023\/04\/Mobility-cake-300x274.jpg 300w, https:\/\/urban-connect.com\/wp-content\/uploads\/2023\/04\/Mobility-cake-1024x936.jpg 1024w, https:\/\/urban-connect.com\/wp-content\/uploads\/2023\/04\/Mobility-cake-1536x1404.jpg 1536w, https:\/\/urban-connect.com\/wp-content\/uploads\/2023\/04\/Mobility-cake-2048x1872.jpg 2048w, https:\/\/urban-connect.com\/wp-content\/uploads\/2023\/04\/Mobility-cake-1182x1080.jpg 1182w\"\n                    sizes=\"(max-width: 768px) 100vw, 768px\"\n                    alt=\"Hero Image\"\n                ><\/noscript>\n                        <\/div>\n        <div class=\"right-side\">\n                            <div class=\"list-wrap\">\n                                            <div class=\"item dash\">\n                            <div class=\"top\">\n                                                                    <span class=\"dash\"><\/span>\n                                                                    <h6 class=\"title\">Kosteneffektivit\u00e4t<\/h6>\n                            <\/div>\n                            <p class=\"description\">Zahlen Sie nur f\u00fcr das, was Mitarbeitende nutzen, mit der M\u00f6glichkeit, progressive Rabatte auf die Nutzung zu erhalten<\/p>\n                        <\/div>\n                                                <div class=\"item dash\">\n                            <div class=\"top\">\n                                                                    <span class=\"dash\"><\/span>\n                                                                    <h6 class=\"title\">Nachhaltigkeit<\/h6>\n                            <\/div>\n                            <p class=\"description\">Anreize f\u00fcr die Nutzung \u00f6ffentlicher Verkehrsmittel als tragende S\u00e4ule der Mobilit\u00e4t schaffen<\/p>\n                        <\/div>\n                                                <div class=\"item dash\">\n                            <div class=\"top\">\n                                                                    <span class=\"dash\"><\/span>\n                                                                    <h6 class=\"title\">Benutzerfreundlichkeit<\/h6>\n                            <\/div>\n                            <p class=\"description\">Einfache Integration zwischen allen anderen Mobilit\u00e4tsoptionen in einer App und als Teil des Mobilit\u00e4tsbudgets<\/p>\n                        <\/div>\n                                                <div class=\"item dash\">\n                            <div class=\"top\">\n                                                                    <span class=\"dash\"><\/span>\n                                                                    <h6 class=\"title\">Minimaler Verwaltungsaufwand<\/h6>\n                            <\/div>\n                            <p class=\"description\">Alle Fahrten \u2013 ob gesch\u00e4ftlich oder privat \u2013 werden bequem \u00fcber eine Plattform abgewickelt; Arbeitgeber k\u00f6nnen bestimmte Strecken oder Zeiten definieren, die f\u00fcr Business-\/Mobility-Budget-Fahrten gelten<\/p>\n                        <\/div>\n                                        <\/div>\n                        <\/div>\n    <\/div>\n<\/section>\n\n\n\n\n<h2 class=\"wp-block-heading\"><br>Integrierter Zugang zu \u00f6ffentlichen Verkehrsmitteln<\/h2>\n\n\n\n<p>\u00dcber die Urban Connect-App k\u00f6nnen Mitarbeitende auch auf \u00f6ffentliche Verkehrsmittel zugreifen. Geben Sie einfach die Reisedaten ein und w\u00e4hlen Sie das gew\u00fcnschte Ticket im Bereich &#8222;\u00d6ffentliche Verkehrsmittel&#8220; aus. Die Fahrkarten k\u00f6nnen mit verschiedenen Zahlungsmethoden gekauft werden, einschliesslich des vom Unternehmen zugewiesenen Mobilit\u00e4tsbudgets. Die Fahrten werden in der App in private und gesch\u00e4ftliche Fahrten eingeteilt, so dass wir dem Unternehmen eine zentrale Rechnung stellen k\u00f6nnen, was die Verwaltungskosten reduziert. Ausserdem bieten unsere einfach zu bedienenden Reporting-Dashboards alle Daten, die Sie ben\u00f6tigen um datengest\u00fctzte Entscheidungen zu treffen.<\/p>\n\n\n\n<p><\/p>\n\n\n    <section class=\"slider-steps\">\n        <div class=\"container posts-wrap\">\n            <div class=\"swiper swiper-related-posts\">\n                <div class=\"swiper-wrapper\">\n                                            <div class=\"swiper-slide\" data-speed=\"0.08\">\n                                                            <img decoding=\"async\" \n                                    class=\"image lazyload\" data-src=\"https:\/\/urban-connect.com\/wp-content\/uploads\/2023\/04\/Screen_1-2-768x1560.png\"\n                                    data-srcset=\"https:\/\/urban-connect.com\/wp-content\/uploads\/2023\/04\/Screen_1-2-768x1560.png 768w, https:\/\/urban-connect.com\/wp-content\/uploads\/2023\/04\/Screen_1-2-148x300.png 148w, https:\/\/urban-connect.com\/wp-content\/uploads\/2023\/04\/Screen_1-2-504x1024.png 504w, https:\/\/urban-connect.com\/wp-content\/uploads\/2023\/04\/Screen_1-2-756x1536.png 756w, https:\/\/urban-connect.com\/wp-content\/uploads\/2023\/04\/Screen_1-2-1008x2048.png 1008w, https:\/\/urban-connect.com\/wp-content\/uploads\/2023\/04\/Screen_1-2-532x1080.png 532w, https:\/\/urban-connect.com\/wp-content\/uploads\/2023\/04\/Screen_1-2.png 1461w\"\n                                    data-sizes=\"(max-width: 768px) 100vw, 768px\"\n                                    alt=\"Geben Sie Ihren Start- und Zielort ein\"\n                                 src=\"data:image\/gif;base64,R0lGODlhAQABAAAAACH5BAEKAAEALAAAAAABAAEAAAICTAEAOw==\" style=\"--smush-placeholder-width: 768px; --smush-placeholder-aspect-ratio: 768\/1560;\"><noscript><img decoding=\"async\" \n                                    class=\"image\" src=\"https:\/\/urban-connect.com\/wp-content\/uploads\/2023\/04\/Screen_1-2-768x1560.png\"\n                                    srcset=\"https:\/\/urban-connect.com\/wp-content\/uploads\/2023\/04\/Screen_1-2-768x1560.png 768w, https:\/\/urban-connect.com\/wp-content\/uploads\/2023\/04\/Screen_1-2-148x300.png 148w, https:\/\/urban-connect.com\/wp-content\/uploads\/2023\/04\/Screen_1-2-504x1024.png 504w, https:\/\/urban-connect.com\/wp-content\/uploads\/2023\/04\/Screen_1-2-756x1536.png 756w, https:\/\/urban-connect.com\/wp-content\/uploads\/2023\/04\/Screen_1-2-1008x2048.png 1008w, https:\/\/urban-connect.com\/wp-content\/uploads\/2023\/04\/Screen_1-2-532x1080.png 532w, https:\/\/urban-connect.com\/wp-content\/uploads\/2023\/04\/Screen_1-2.png 1461w\"\n                                    sizes=\"(max-width: 768px) 100vw, 768px\"\n                                    alt=\"Geben Sie Ihren Start- und Zielort ein\"\n                                ><\/noscript>\n                                                            <div class=\"num\">\n                                <span>1<\/span>\n                                <h6 class=\"title\">Geben Sie Ihren Start- und Zielort ein<\/h6>\n                            <\/div>\n                        <\/div>\n                                                <div class=\"swiper-slide\" data-speed=\"0.2\">\n                                                            <img decoding=\"async\" \n                                    class=\"image lazyload\" data-src=\"https:\/\/urban-connect.com\/wp-content\/uploads\/2023\/04\/Screen_2-2-768x1560.png\"\n                                    data-srcset=\"https:\/\/urban-connect.com\/wp-content\/uploads\/2023\/04\/Screen_2-2-768x1560.png 768w, https:\/\/urban-connect.com\/wp-content\/uploads\/2023\/04\/Screen_2-2-148x300.png 148w, https:\/\/urban-connect.com\/wp-content\/uploads\/2023\/04\/Screen_2-2-504x1024.png 504w, https:\/\/urban-connect.com\/wp-content\/uploads\/2023\/04\/Screen_2-2-756x1536.png 756w, https:\/\/urban-connect.com\/wp-content\/uploads\/2023\/04\/Screen_2-2-1008x2048.png 1008w, https:\/\/urban-connect.com\/wp-content\/uploads\/2023\/04\/Screen_2-2-532x1080.png 532w, https:\/\/urban-connect.com\/wp-content\/uploads\/2023\/04\/Screen_2-2.png 1461w\"\n                                    data-sizes=\"(max-width: 768px) 100vw, 768px\"\n                                    alt=\"W\u00e4hlen Sie Ihre gew\u00fcnschte Verbindung und Fahrkarte aus\"\n                                 src=\"data:image\/gif;base64,R0lGODlhAQABAAAAACH5BAEKAAEALAAAAAABAAEAAAICTAEAOw==\" style=\"--smush-placeholder-width: 768px; --smush-placeholder-aspect-ratio: 768\/1560;\"><noscript><img decoding=\"async\" \n                                    class=\"image\" src=\"https:\/\/urban-connect.com\/wp-content\/uploads\/2023\/04\/Screen_2-2-768x1560.png\"\n                                    srcset=\"https:\/\/urban-connect.com\/wp-content\/uploads\/2023\/04\/Screen_2-2-768x1560.png 768w, https:\/\/urban-connect.com\/wp-content\/uploads\/2023\/04\/Screen_2-2-148x300.png 148w, https:\/\/urban-connect.com\/wp-content\/uploads\/2023\/04\/Screen_2-2-504x1024.png 504w, https:\/\/urban-connect.com\/wp-content\/uploads\/2023\/04\/Screen_2-2-756x1536.png 756w, https:\/\/urban-connect.com\/wp-content\/uploads\/2023\/04\/Screen_2-2-1008x2048.png 1008w, https:\/\/urban-connect.com\/wp-content\/uploads\/2023\/04\/Screen_2-2-532x1080.png 532w, https:\/\/urban-connect.com\/wp-content\/uploads\/2023\/04\/Screen_2-2.png 1461w\"\n                                    sizes=\"(max-width: 768px) 100vw, 768px\"\n                                    alt=\"W\u00e4hlen Sie Ihre gew\u00fcnschte Verbindung und Fahrkarte aus\"\n                                ><\/noscript>\n                                                            <div class=\"num\">\n                                <span>2<\/span>\n                                <h6 class=\"title\">W\u00e4hlen Sie Ihre gew\u00fcnschte Verbindung und Fahrkarte aus<\/h6>\n                            <\/div>\n                        <\/div>\n                                                <div class=\"swiper-slide\" data-speed=\"0.08\">\n                                                            <img decoding=\"async\" \n                                    class=\"image lazyload\" data-src=\"https:\/\/urban-connect.com\/wp-content\/uploads\/2023\/04\/Screen_3-2-768x1560.png\"\n                                    data-srcset=\"https:\/\/urban-connect.com\/wp-content\/uploads\/2023\/04\/Screen_3-2-768x1560.png 768w, https:\/\/urban-connect.com\/wp-content\/uploads\/2023\/04\/Screen_3-2-148x300.png 148w, https:\/\/urban-connect.com\/wp-content\/uploads\/2023\/04\/Screen_3-2-504x1024.png 504w, https:\/\/urban-connect.com\/wp-content\/uploads\/2023\/04\/Screen_3-2-756x1536.png 756w, https:\/\/urban-connect.com\/wp-content\/uploads\/2023\/04\/Screen_3-2-1008x2048.png 1008w, https:\/\/urban-connect.com\/wp-content\/uploads\/2023\/04\/Screen_3-2-532x1080.png 532w, https:\/\/urban-connect.com\/wp-content\/uploads\/2023\/04\/Screen_3-2.png 1461w\"\n                                    data-sizes=\"(max-width: 768px) 100vw, 768px\"\n                                    alt=\"Kaufen Sie Ihr Ticket und zeigen Sie es zur Kontrolle vor\"\n                                 src=\"data:image\/gif;base64,R0lGODlhAQABAAAAACH5BAEKAAEALAAAAAABAAEAAAICTAEAOw==\" style=\"--smush-placeholder-width: 768px; --smush-placeholder-aspect-ratio: 768\/1560;\"><noscript><img decoding=\"async\" \n                                    class=\"image\" src=\"https:\/\/urban-connect.com\/wp-content\/uploads\/2023\/04\/Screen_3-2-768x1560.png\"\n                                    srcset=\"https:\/\/urban-connect.com\/wp-content\/uploads\/2023\/04\/Screen_3-2-768x1560.png 768w, https:\/\/urban-connect.com\/wp-content\/uploads\/2023\/04\/Screen_3-2-148x300.png 148w, https:\/\/urban-connect.com\/wp-content\/uploads\/2023\/04\/Screen_3-2-504x1024.png 504w, https:\/\/urban-connect.com\/wp-content\/uploads\/2023\/04\/Screen_3-2-756x1536.png 756w, https:\/\/urban-connect.com\/wp-content\/uploads\/2023\/04\/Screen_3-2-1008x2048.png 1008w, https:\/\/urban-connect.com\/wp-content\/uploads\/2023\/04\/Screen_3-2-532x1080.png 532w, https:\/\/urban-connect.com\/wp-content\/uploads\/2023\/04\/Screen_3-2.png 1461w\"\n                                    sizes=\"(max-width: 768px) 100vw, 768px\"\n                                    alt=\"Kaufen Sie Ihr Ticket und zeigen Sie es zur Kontrolle vor\"\n                                ><\/noscript>\n                                                            <div class=\"num\">\n                                <span>3<\/span>\n                                <h6 class=\"title\">Kaufen Sie Ihr Ticket und zeigen Sie es zur Kontrolle vor<\/h6>\n                            <\/div>\n                        <\/div>\n                                        <\/div>\n                <div class=\"swiper-pagination\"><\/div>\n            <\/div>\n        <\/div>\n    <\/section>\n    ","protected":false},"excerpt":{"rendered":"<p>Public transport serves as the foundation of a holistic corporate mobility system<\/p>\n","protected":false},"featured_media":2090,"parent":0,"template":"","class_list":["post-2132","services","type-services","status-publish","has-post-thumbnail","hentry"],"acf":[],"yoast_head":"<!-- This site is optimized with the Yoast SEO plugin v23.2 - https:\/\/yoast.com\/wordpress\/plugins\/seo\/ -->\n<title>Integration des \u00f6ffentlichen Verkehrs - Urban Connect<\/title>\n<meta name=\"description\" content=\"Via Urban Connect App lassen sich Tickets f\u00fcr den \u00d6ffentlichen Verkehr buchen. Die Abrechnung erfolgt \u00fcber das Mobilit\u00e4tsbudget.\" \/>\n<meta name=\"robots\" content=\"index, follow, max-snippet:-1, max-image-preview:large, max-video-preview:-1\" \/>\n<link rel=\"canonical\" href=\"https:\/\/urban-connect.com\/de\/leistungen\/integration-des-offentlichen-verkehrs\/\" \/>\n<meta property=\"og:locale\" content=\"de_DE\" \/>\n<meta property=\"og:type\" content=\"article\" \/>\n<meta property=\"og:title\" content=\"Integration des \u00f6ffentlichen Verkehrs - Urban Connect\" \/>\n<meta property=\"og:description\" content=\"Via Urban Connect App lassen sich Tickets f\u00fcr den \u00d6ffentlichen Verkehr buchen. Die Abrechnung erfolgt \u00fcber das Mobilit\u00e4tsbudget.\" \/>\n<meta property=\"og:url\" content=\"https:\/\/urban-connect.com\/de\/leistungen\/integration-des-offentlichen-verkehrs\/\" \/>\n<meta property=\"og:site_name\" content=\"Urban Connect\" \/>\n<meta property=\"article:modified_time\" content=\"2024-02-07T08:28:13+00:00\" \/>\n<meta property=\"og:image\" content=\"https:\/\/urban-connect.com\/wp-content\/uploads\/2023\/04\/basit-abdul-alWvXLvctqA-unsplash-scaled.jpg\" \/>\n\t<meta property=\"og:image:width\" content=\"2560\" \/>\n\t<meta property=\"og:image:height\" content=\"1707\" \/>\n\t<meta property=\"og:image:type\" content=\"image\/jpeg\" \/>\n<meta name=\"twitter:card\" content=\"summary_large_image\" \/>\n<meta name=\"twitter:label1\" content=\"Gesch\u00e4tzte Lesezeit\" \/>\n\t<meta name=\"twitter:data1\" content=\"1\u00a0Minute\" \/>\n<script type=\"application\/ld+json\" class=\"yoast-schema-graph\">{\"@context\":\"https:\/\/schema.org\",\"@graph\":[{\"@type\":\"WebPage\",\"@id\":\"https:\/\/urban-connect.com\/de\/leistungen\/integration-des-offentlichen-verkehrs\/\",\"url\":\"https:\/\/urban-connect.com\/de\/leistungen\/integration-des-offentlichen-verkehrs\/\",\"name\":\"Integration des \u00f6ffentlichen Verkehrs - Urban Connect\",\"isPartOf\":{\"@id\":\"https:\/\/urban-connect.com\/de\/#website\"},\"primaryImageOfPage\":{\"@id\":\"https:\/\/urban-connect.com\/de\/leistungen\/integration-des-offentlichen-verkehrs\/#primaryimage\"},\"image\":{\"@id\":\"https:\/\/urban-connect.com\/de\/leistungen\/integration-des-offentlichen-verkehrs\/#primaryimage\"},\"thumbnailUrl\":\"https:\/\/urban-connect.com\/wp-content\/uploads\/2023\/04\/basit-abdul-alWvXLvctqA-unsplash-scaled.jpg\",\"datePublished\":\"2023-04-26T08:41:47+00:00\",\"dateModified\":\"2024-02-07T08:28:13+00:00\",\"description\":\"Via Urban Connect App lassen sich Tickets f\u00fcr den \u00d6ffentlichen Verkehr buchen. Die Abrechnung erfolgt \u00fcber das Mobilit\u00e4tsbudget.\",\"breadcrumb\":{\"@id\":\"https:\/\/urban-connect.com\/de\/leistungen\/integration-des-offentlichen-verkehrs\/#breadcrumb\"},\"inLanguage\":\"de\",\"potentialAction\":[{\"@type\":\"ReadAction\",\"target\":[\"https:\/\/urban-connect.com\/de\/leistungen\/integration-des-offentlichen-verkehrs\/\"]}]},{\"@type\":\"ImageObject\",\"inLanguage\":\"de\",\"@id\":\"https:\/\/urban-connect.com\/de\/leistungen\/integration-des-offentlichen-verkehrs\/#primaryimage\",\"url\":\"https:\/\/urban-connect.com\/wp-content\/uploads\/2023\/04\/basit-abdul-alWvXLvctqA-unsplash-scaled.jpg\",\"contentUrl\":\"https:\/\/urban-connect.com\/wp-content\/uploads\/2023\/04\/basit-abdul-alWvXLvctqA-unsplash-scaled.jpg\",\"width\":2560,\"height\":1707,\"caption\":\"Zurich public transport\"},{\"@type\":\"BreadcrumbList\",\"@id\":\"https:\/\/urban-connect.com\/de\/leistungen\/integration-des-offentlichen-verkehrs\/#breadcrumb\",\"itemListElement\":[{\"@type\":\"ListItem\",\"position\":1,\"name\":\"Home\",\"item\":\"https:\/\/urban-connect.com\/de\/\"},{\"@type\":\"ListItem\",\"position\":2,\"name\":\"Integration des \u00f6ffentlichen Verkehrs\"}]},{\"@type\":\"WebSite\",\"@id\":\"https:\/\/urban-connect.com\/de\/#website\",\"url\":\"https:\/\/urban-connect.com\/de\/\",\"name\":\"Urban Connect\",\"description\":\"\",\"potentialAction\":[{\"@type\":\"SearchAction\",\"target\":{\"@type\":\"EntryPoint\",\"urlTemplate\":\"https:\/\/urban-connect.com\/de\/?s={search_term_string}\"},\"query-input\":\"required name=search_term_string\"}],\"inLanguage\":\"de\"}]}<\/script>\n<!-- \/ Yoast SEO plugin. -->","yoast_head_json":{"title":"Integration des \u00f6ffentlichen Verkehrs - Urban Connect","description":"Via Urban Connect App lassen sich Tickets f\u00fcr den \u00d6ffentlichen Verkehr buchen. Die Abrechnung erfolgt \u00fcber das Mobilit\u00e4tsbudget.","robots":{"index":"index","follow":"follow","max-snippet":"max-snippet:-1","max-image-preview":"max-image-preview:large","max-video-preview":"max-video-preview:-1"},"canonical":"https:\/\/urban-connect.com\/de\/leistungen\/integration-des-offentlichen-verkehrs\/","og_locale":"de_DE","og_type":"article","og_title":"Integration des \u00f6ffentlichen Verkehrs - Urban Connect","og_description":"Via Urban Connect App lassen sich Tickets f\u00fcr den \u00d6ffentlichen Verkehr buchen. Die Abrechnung erfolgt \u00fcber das Mobilit\u00e4tsbudget.","og_url":"https:\/\/urban-connect.com\/de\/leistungen\/integration-des-offentlichen-verkehrs\/","og_site_name":"Urban Connect","article_modified_time":"2024-02-07T08:28:13+00:00","og_image":[{"width":2560,"height":1707,"url":"https:\/\/urban-connect.com\/wp-content\/uploads\/2023\/04\/basit-abdul-alWvXLvctqA-unsplash-scaled.jpg","type":"image\/jpeg"}],"twitter_card":"summary_large_image","twitter_misc":{"Gesch\u00e4tzte Lesezeit":"1\u00a0Minute"},"schema":{"@context":"https:\/\/schema.org","@graph":[{"@type":"WebPage","@id":"https:\/\/urban-connect.com\/de\/leistungen\/integration-des-offentlichen-verkehrs\/","url":"https:\/\/urban-connect.com\/de\/leistungen\/integration-des-offentlichen-verkehrs\/","name":"Integration des \u00f6ffentlichen Verkehrs - Urban Connect","isPartOf":{"@id":"https:\/\/urban-connect.com\/de\/#website"},"primaryImageOfPage":{"@id":"https:\/\/urban-connect.com\/de\/leistungen\/integration-des-offentlichen-verkehrs\/#primaryimage"},"image":{"@id":"https:\/\/urban-connect.com\/de\/leistungen\/integration-des-offentlichen-verkehrs\/#primaryimage"},"thumbnailUrl":"https:\/\/urban-connect.com\/wp-content\/uploads\/2023\/04\/basit-abdul-alWvXLvctqA-unsplash-scaled.jpg","datePublished":"2023-04-26T08:41:47+00:00","dateModified":"2024-02-07T08:28:13+00:00","description":"Via Urban Connect App lassen sich Tickets f\u00fcr den \u00d6ffentlichen Verkehr buchen. Die Abrechnung erfolgt \u00fcber das Mobilit\u00e4tsbudget.","breadcrumb":{"@id":"https:\/\/urban-connect.com\/de\/leistungen\/integration-des-offentlichen-verkehrs\/#breadcrumb"},"inLanguage":"de","potentialAction":[{"@type":"ReadAction","target":["https:\/\/urban-connect.com\/de\/leistungen\/integration-des-offentlichen-verkehrs\/"]}]},{"@type":"ImageObject","inLanguage":"de","@id":"https:\/\/urban-connect.com\/de\/leistungen\/integration-des-offentlichen-verkehrs\/#primaryimage","url":"https:\/\/urban-connect.com\/wp-content\/uploads\/2023\/04\/basit-abdul-alWvXLvctqA-unsplash-scaled.jpg","contentUrl":"https:\/\/urban-connect.com\/wp-content\/uploads\/2023\/04\/basit-abdul-alWvXLvctqA-unsplash-scaled.jpg","width":2560,"height":1707,"caption":"Zurich public transport"},{"@type":"BreadcrumbList","@id":"https:\/\/urban-connect.com\/de\/leistungen\/integration-des-offentlichen-verkehrs\/#breadcrumb","itemListElement":[{"@type":"ListItem","position":1,"name":"Home","item":"https:\/\/urban-connect.com\/de\/"},{"@type":"ListItem","position":2,"name":"Integration des \u00f6ffentlichen Verkehrs"}]},{"@type":"WebSite","@id":"https:\/\/urban-connect.com\/de\/#website","url":"https:\/\/urban-connect.com\/de\/","name":"Urban Connect","description":"","potentialAction":[{"@type":"SearchAction","target":{"@type":"EntryPoint","urlTemplate":"https:\/\/urban-connect.com\/de\/?s={search_term_string}"},"query-input":"required name=search_term_string"}],"inLanguage":"de"}]}},"_links":{"self":[{"href":"https:\/\/urban-connect.com\/de\/wp-json\/wp\/v2\/services\/2132","targetHints":{"allow":["GET"]}}],"collection":[{"href":"https:\/\/urban-connect.com\/de\/wp-json\/wp\/v2\/services"}],"about":[{"href":"https:\/\/urban-connect.com\/de\/wp-json\/wp\/v2\/types\/services"}],"wp:featuredmedia":[{"embeddable":true,"href":"https:\/\/urban-connect.com\/de\/wp-json\/wp\/v2\/media\/2090"}],"wp:attachment":[{"href":"https:\/\/urban-connect.com\/de\/wp-json\/wp\/v2\/media?parent=2132"}],"curies":[{"name":"wp","href":"https:\/\/api.w.org\/{rel}","templated":true}]}}